{"id":220,"date":"2020-05-14T17:42:22","date_gmt":"2020-05-14T17:42:22","guid":{"rendered":"https:\/\/ref-avocats.com\/mentions-legales\/"},"modified":"2023-10-10T16:53:15","modified_gmt":"2023-10-10T16:53:15","slug":"mentions-legales","status":"publish","type":"page","link":"https:\/\/ref-avocats.com\/en\/mentions-legales\/","title":{"rendered":"Mentions l\u00e9gales"},"content":{"rendered":"\n<p><strong>MENTIONS LEGALES<\/strong><\/p>\n\n\n\n<p>Le pr\u00e9sent site web, accessible \u00e0 partir de l\u2019adresse URL www.ref-avocats.com&nbsp; (ci-apr\u00e8s le \u00ab Site \u00bb), est \u00e9dit\u00e9 par l\u2019AARPI Rondot Eych\u00e8ne Fr\u00e9minville, situ\u00e9e 38 rue de Courcelles, 75008 Paris, France (T\u00e9l. T. +33 1 83 62 34 44 | F. +33 1 83 62 29 52 | email : contact@ref-avocats.com) <br>(ci-apr\u00e8s le \u00ab Cabinet \u00bb).<\/p>\n\n\n\n<p>SIREN&nbsp;: 838&nbsp;246&nbsp;395 | N\u00b0 de TVA intracommunautaire : FR35838246395. <\/p>\n\n\n\n<p>Le Directeur de la publication du Site est Mathieu Eych\u00e8ne.<\/p>\n\n\n\n<p>Le Site est h\u00e9berg\u00e9 par OVH, 2 rue Kellermann &#8211; 59100\nRoubaix \u2013 France | T. 1007<\/p>\n\n\n\n<p><strong>DONNEES PERSONNELLES<\/strong><\/p>\n\n\n\n<p>Conform\u00e9ment \u00e0 la loi du 6 janvier 1978 (version modifi\u00e9e),\net au r\u00e8glement europ\u00e9en g\u00e9n\u00e9ral relatif \u00e0 la protection des donn\u00e9es n\u00b02016\/679\ndu 27 avril 2016 (dit \u00ab RGPD \u00bb), il vous est pr\u00e9cis\u00e9 que le cabinet Rondot\nEych\u00e8ne Fr\u00e9minville est le seul destinataire des informations et des donn\u00e9es\npersonnelles transmises au biais du pr\u00e9sent Site, et ne font pas l\u2019objet de\ncession aupr\u00e8s de tiers.<\/p>\n\n\n\n<p>Les donn\u00e9es personnelles sont collect\u00e9es pour des objectifs\npr\u00e9cis (finalit\u00e9s), port\u00e9s \u00e0 la connaissance des personnes concern\u00e9es. Ces\ndonn\u00e9es ne peuvent \u00eatre utilis\u00e9es ult\u00e9rieurement de mani\u00e8re incompatible avec\nces finalit\u00e9s. Ces donn\u00e9es sont collect\u00e9es loyalement ; aucune collecte n\u2019est\neffectu\u00e9e \u00e0 l\u2019insu des personnes et sans qu\u2019elles en soient inform\u00e9es.<\/p>\n\n\n\n<p>Le recueil de telles donn\u00e9es ne pr\u00e9sente qu\u2019un caract\u00e8re\nfacultatif, dans la mesure o\u00f9 l\u2019absence de telles donn\u00e9es n\u2019emp\u00eache pas ou ne\nrend pas impossible toute r\u00e9ponse \u00e0 une demande d\u2019information, de service, ou,\nde mani\u00e8re g\u00e9n\u00e9rale, toute ex\u00e9cution d\u2019obligation.<\/p>\n\n\n\n<p>En fonction des services que vous souhaitez, il vous sera\ndemand\u00e9 de fournir des informations obligatoires et\/ou facultatives. Rondot\nEych\u00e8ne Fr\u00e9minville s\u2019engage \u00e0 respecter votre vie priv\u00e9e et \u00e0 prot\u00e9ger les\ninformations que vous lui communiquez. Toute information recueillie ne sera\nconserv\u00e9e que le temps n\u00e9cessaire aux traitements de vos demandes et\/ou \u00e0\nl\u2019ex\u00e9cution des services demand\u00e9s conform\u00e9ment \u00e0 la r\u00e9glementation en vigueur.<\/p>\n\n\n\n<p>\u00c0 ce titre, Rondot Eych\u00e8ne Fr\u00e9minville met en \u0153uvre des\nmesures de s\u00e9curit\u00e9 techniques et organisationnelles afin de prot\u00e9ger les\ndonn\u00e9es collect\u00e9es contre des manipulations fortuites ou intentionnelles,\ncontre la perte ou la destruction des donn\u00e9es, ou encore contre l\u2019acc\u00e8s \u00e0 ces\nderni\u00e8res par des personnes non autoris\u00e9es.<\/p>\n\n\n\n<p>Rondot Eych\u00e8ne Fr\u00e9minville exige \u00e9galement de la part de\nl\u2019ensemble de ses prestataires et\/ou sous-traitants qu\u2019ils pr\u00e9sentent des\ngaranties appropri\u00e9es pour assurer la s\u00e9curit\u00e9 et la confidentialit\u00e9 des\ndonn\u00e9es personnelles.<\/p>\n\n\n\n<p>Vous disposez d\u2019un droit d\u2019acc\u00e8s, de rectification, \u00e0 la\nportabilit\u00e9, d\u2019effacement, de limitation et d\u2019opposition \u00e0 un traitement de\ndonn\u00e9es personnelles, et de d\u00e9finir le sort de vos donn\u00e9es apr\u00e8s votre d\u00e9c\u00e8s,\nconcernant l\u2019ensemble des donn\u00e9es vous concernant. <\/p>\n\n\n\n<p>Pour exercer vos droits vous devez alternativement adresser un courrier \u00e0 Rondot Eych\u00e8ne Fr\u00e9minville AARPI accompagn\u00e9 d\u2019une copie d\u2019un titre d\u2019identit\u00e9 sign\u00e9 \u00e0 l\u2019adresse suivante : Rondot Eych\u00e8ne Fr\u00e9minvielle AARPI, 38 rue de Courcelles 75008 Paris, \u00e0 l\u2019attention de Monsieur Mathieu Eych\u00e8ne, ou par courrier \u00e9lectronique \u00e0 l\u2019adresse m.eychene@ref-avocats.com.<\/p>\n\n\n\n<p>Vos donn\u00e9es, recueillies sur le pr\u00e9sent Site, le sont pour\nles finalit\u00e9s principales suivantes :<\/p>\n\n\n\n<ul class=\"wp-block-list\">\n<li>gestion\ndes candidatures (collaboration)<\/li>\n\n\n\n<li>gestion\ndes candidatures (stagiaires)<\/li>\n\n\n\n<li>demande\nd\u2019informations<\/li>\n<\/ul>\n\n\n\n<p>Les informations recueillies ne feront l\u2019objet d\u2019aucune\ncommunication \u00e0 des tiers, sauf en cas d\u2019infraction av\u00e9r\u00e9e \u00e0 des dispositions\nl\u00e9gales ou r\u00e9glementaires pour laquelle ces informations pourront faire l\u2019objet\nd\u2019une communication sur demande expresse et motiv\u00e9e des autorit\u00e9s judiciaires.<\/p>\n\n\n\n<p><strong>CONDITIONS GENERALES D\u2019UTILISATION <\/strong><\/p>\n\n\n\n<p>Les pr\u00e9sentes conditions g\u00e9n\u00e9rales d\u2019utilisation ont pour\nobjet de d\u00e9finir les dispositions applicables \u00e0 tout usage du pr\u00e9sent Site et\nde ses services. Celles-ci sont susceptibles d\u2019\u00eatre modifi\u00e9es, \u00e0 tout moment et\nsans pr\u00e9avis. Il vous appartient en cons\u00e9quence de v\u00e9rifier le contenu des\npr\u00e9sentes conditions g\u00e9n\u00e9rales d\u2019utilisation avant de naviguer sur le Site.<\/p>\n\n\n\n<p><strong>ACCES AU SITE <\/strong><strong>&nbsp;<\/strong><\/p>\n\n\n\n<p>L\u2019acc\u00e8s au Site et son\nutilisation sont r\u00e9serv\u00e9s \u00e0 un usage strictement personnel. Vous vous engagez \u00e0\nne pas utiliser ce Site et les informations ou donn\u00e9es qui y figurent \u00e0 des\nfins commerciales, politiques, publicitaires et pour toute forme de sollicitation\ncommerciale et notamment l\u2019envoi de courriers \u00e9lectroniques non sollicit\u00e9s.<\/p>\n\n\n\n<p><strong>CONTENU DU SITE <\/strong><strong><\/strong><\/p>\n\n\n\n<p>Tous les \u00e9l\u00e9ments constitutifs\ndu pr\u00e9sent Site (textes, photographies, illustrations, logo, ic\u00f4nes, etc.) sont\nla propri\u00e9t\u00e9 exclusive de Rondot Eych\u00e8ne Fr\u00e9minville AARPI et sont \u00e0 ce titre\nprot\u00e9g\u00e9s par les lois fran\u00e7aises et les textes internationaux relatifs \u00e0 la\npropri\u00e9t\u00e9 intellectuelle.<\/p>\n\n\n\n<p>Toute repr\u00e9sentation et\/ou\nreproduction et\/ou exploitation partielle ou totale des contenus et services\npropos\u00e9s par le pr\u00e9sent Site, par quelque proc\u00e9d\u00e9 que ce soit, sans\nl\u2019autorisation pr\u00e9alable et par \u00e9crit du Directeur de la publication est\nstrictement interdite et serait susceptible de constituer une contrefa\u00e7on au\nsens des articles L335-2 et suivants du Code de la propri\u00e9t\u00e9 intellectuelle.\nEst notamment interdite la pr\u00e9sentation d\u2019une des pages du pr\u00e9sent Site dans\nune page web n\u2019appartenant pas \u00e0 Rondot Eych\u00e8ne Fr\u00e9minville AARPI.<\/p>\n\n\n\n<p>Toute citation ou reprise de contenus du Site doit avoir obtenu l\u2019autorisation du directeur de la publication. La source www.ref-avocats.com et la date de la copie devront \u00eatre indiqu\u00e9es.<\/p>\n\n\n\n<p>De m\u00eame, la mise en place de\nliens hypertextes vers toute autre page que la page d\u2019accueil du pr\u00e9sent Site n\u00e9cessite\nl\u2019accord \u00e9crit, pr\u00e9alable et expr\u00e8s du Directeur de la publication. Les\ninformations contenues sur ce Site sont non contractuelles et sujettes \u00e0\nmodifications sans pr\u00e9avis.<\/p>\n\n\n\n<p>Les bases de donn\u00e9es figurant\nsur le Site sont notamment prot\u00e9g\u00e9es par les articles L341-1 et suivants du\nCode de la propri\u00e9t\u00e9 intellectuelle, notamment contre toute extraction ou\nr\u00e9utilisation qualitativement ou quantitativement substantielle du contenu des\nbases de donn\u00e9es.<\/p>\n\n\n\n<p>Les marques et autres logos\nfigurant sur le Site sont des marques d\u00e9pos\u00e9es par Rondot Eych\u00e8ne Fr\u00e9minville\nAARPI ou par des tiers. Toute reproduction, imitation ou usage, total ou\npartiel, de ces signes distinctifs sans l\u2019autorisation expresse et en violation\ndes interdictions pr\u00e9vues aux articles L713-2 et suivants du Code de la\npropri\u00e9t\u00e9 intellectuelle engage la responsabilit\u00e9 de leur auteur.<\/p>\n\n\n\n<p>Les autres signes distinctifs,\nnotamment les d\u00e9nominations sociales, noms de domaine reproduits sur le Site sont\nla propri\u00e9t\u00e9 de la Rondot Eych\u00e8ne Fr\u00e9minville AARPI ou de tiers. Toute\nreproduction sans autorisation expresse est susceptible de constituer une\nusurpation engageant la responsabilit\u00e9 de son auteur sur le fondement de\nl\u2019article 1240 du Code civil.<\/p>\n\n\n\n<p><strong>GESTION DU SITE <\/strong><\/p>\n\n\n\n<p>Pour la bonne gestion du Site,\nl\u2019\u00e9diteur pourra \u00e0 tout moment : suspendre, interrompre ou limiter l\u2019acc\u00e8s \u00e0\ntout ou partie du Site, r\u00e9server l\u2019acc\u00e8s au Site, ou \u00e0 certaines parties du Site,\n\u00e0 une cat\u00e9gorie d\u00e9termin\u00e9e d\u2019internaute ; supprimer toute information pouvant\nen perturber le fonctionnement ou entrant en contravention avec les lois\nnationales ou internationales, ou avec les r\u00e8gles de la N\u00e9tiquette ; suspendre\nle Site afin de proc\u00e9der \u00e0 des mises \u00e0 jour.<\/p>\n\n\n\n<p><strong>RESPONSABILITES<\/strong><\/p>\n\n\n\n<p>La responsabilit\u00e9 de Rondot\nEych\u00e8ne Fr\u00e9minville AARPI ne pourra \u00eatre retenue directement ou indirectement \u00e0\nquelque titre que ce soit, et pour quelque cause que ce soit en ce qui concerne\nnotamment :<\/p>\n\n\n\n<ul class=\"wp-block-list\">\n<li>le\nmanque de performances du Site&nbsp;;<\/li>\n\n\n\n<li>la\nperte de donn\u00e9es ou de services r\u00e9sultant de la non tenue de d\u00e9lais, de la\nmodification, de la suspension ou de l\u2019interruption de ses services&nbsp;;<\/li>\n\n\n\n<li>l\u2019exactitude,\nla qualit\u00e9 ou la nature des informations obtenues par le biais de ses services&nbsp;;<\/li>\n\n\n\n<li>les\ncons\u00e9quences d\u00e9coulant directement ou indirectement de la transmission de virus\npar le biais de ses serveurs&nbsp;;<\/li>\n\n\n\n<li>l\u2019interruption\nde service du Site motiv\u00e9e par des op\u00e9rations de maintenance ou par les\ncomportements d\u2019utilisateurs du Site&nbsp;;<\/li>\n\n\n\n<li>l\u2019inaccessibilit\u00e9\ndu Site ;<\/li>\n\n\n\n<li>la\ncontamination des mat\u00e9riels informatiques des internautes r\u00e9sultant de la\npropagation d\u2019un virus ou autres infections informatiques.<\/li>\n<\/ul>\n\n\n\n<p>En tant qu\u2019utilisateur du Site,\nil vous appartient de prendre toutes les mesures appropri\u00e9es de fa\u00e7on \u00e0\nprot\u00e9ger vos propres donn\u00e9es et\/ou logiciels de la contamination par\nd\u2019\u00e9ventuels virus circulant sur Internet.<\/p>\n\n\n\n<p>Rondot Eych\u00e8ne Fr\u00e9minville AARPI\nne pourra \u00e9galement \u00eatre tenu responsable de tout dommage direct ou indirect\npouvant survenir de l\u2019utilisation ou au contraire de l\u2019impossibilit\u00e9 d\u2019acc\u00e9der\nau Site, suite \u00e0 une utilisation fautive de l\u2019utilisateur. Les informations\nfournies sont non contractuelles.<\/p>\n\n\n\n<p>Le Site est susceptible de\ncontenir des liens vers d\u2019autres Sites non g\u00e9r\u00e9s et\/ou \u00e9dit\u00e9s par Rondot\nEych\u00e8ne Fr\u00e9minville AARPI. Rondot Eych\u00e8ne Fr\u00e9minville AARPI ne contr\u00f4le de\nquelque fa\u00e7on que ce soit les informations, produits ou services propos\u00e9s par\nces autres Sites et ne peut en aucun cas \u00eatre tenu responsable du contenu de\ntels Sites.<\/p>\n\n\n\n<p>Vous vous engagez \u00e0 d\u00e9dommager Rondot\nEych\u00e8ne Fr\u00e9minville AARPI et \u00e0 le garantir contre toute action en\nresponsabilit\u00e9, recours, pertes, co\u00fbts, manque \u00e0 gagner, perte de donn\u00e9es, et\ntout autre dommage direct et indirect d\u00e9coulant de la violation de votre part\nde l\u2019une quelconque des dispositions des pr\u00e9sentes Conditions G\u00e9n\u00e9rales.<\/p>\n\n\n\n<p><strong>LIENS HYPERTEXTES<\/strong><\/p>\n\n\n\n<p>La mise en place de tous liens hypertextes vers tout ou partie du Site est strictement interdite, sauf autorisation pr\u00e9alable et \u00e9crite de l\u2019\u00e9diteur, sollicit\u00e9e par courriel \u00e0 l\u2019adresse suivante : m.eychene@ref-avocats.com<\/p>\n\n\n\n<p>L\u2019\u00e9diteur est libre de refuser\ncette autorisation sans avoir \u00e0 justifier de quelque mani\u00e8re que ce soit sa\nd\u00e9cision. Dans le cas o\u00f9 l\u2019\u00e9diteur accorderait son autorisation, celle-ci n\u2019est\ndans tous les cas que temporaire et pourra \u00eatre retir\u00e9e \u00e0 tout moment, sans\nobligation de justification \u00e0 la charge de l\u2019\u00e9diteur.<\/p>\n\n\n\n<p>Dans tous les cas, tout lien\ndevra \u00eatre retir\u00e9 sur simple demande de l\u2019\u00e9diteur. Toute information accessible\nvia un lien vers d\u2019autres Sites n\u2019est pas sous le contr\u00f4le de l\u2019\u00e9diteur qui\nd\u00e9cline toute responsabilit\u00e9 quant \u00e0 leur contenu.<\/p>\n\n\n\n<p><strong>DROIT APPLICABLE<\/strong><\/p>\n\n\n\n<p>Les pr\u00e9sentes conditions\nd\u2019utilisation du Site sont soumises au droit fran\u00e7ais. Tout litige ou en\nd\u00e9coulant seront de la comp\u00e9tence exclusive des juridictions du ressort de la\nCour d\u2019appel de Paris.<\/p>\n\n\n\n<p>Dans l\u2019\u00e9ventualit\u00e9 o\u00f9 une\nquelconque de ces dispositions des Conditions G\u00e9n\u00e9rales serait d\u00e9clar\u00e9e nulle\nou sans effet, une telle disposition devra \u00eatre interpr\u00e9t\u00e9e de mani\u00e8re \u00e0\nrefl\u00e9ter au mieux les intentions des parties et les dispositions restantes\nseront consid\u00e9r\u00e9es comme applicables de plein droit.<\/p>\n","protected":false},"excerpt":{"rendered":"<p>MENTIONS LEGALES Le pr\u00e9sent site web, accessible \u00e0 partir de l\u2019adresse URL www.ref-avocats.com&nbsp; (ci-apr\u00e8s le \u00ab Site \u00bb), est \u00e9dit\u00e9 par l\u2019AARPI Rondot Eych\u00e8ne Fr\u00e9minville, situ\u00e9e 38 rue de Courcelles, 75008 Paris, France (T\u00e9l. T. +33 1 83 62 34 44 | F. +33 1 83 62 29 52 | email : contact@ref-avocats.com) (ci-apr\u00e8s le [&hellip;]<\/p>\n","protected":false},"author":2,"featured_media":0,"parent":0,"menu_order":0,"comment_status":"closed","ping_status":"closed","template":"","meta":{"_monsterinsights_skip_tracking":false,"_monsterinsights_sitenote_active":false,"_monsterinsights_sitenote_note":"","_monsterinsights_sitenote_category":0,"footnotes":""},"class_list":["post-220","page","type-page","status-publish","hentry"],"acf":[],"yoast_head":"<!-- This site is optimized with the Yoast SEO plugin v21.3 - https:\/\/yoast.com\/wordpress\/plugins\/seo\/ -->\n<title>Mentions l\u00e9gales - Rondot Eych\u00e8ne Fr\u00e9minville<\/title>\n<meta name=\"robots\" content=\"index, follow, max-snippet:-1, max-image-preview:large, max-video-preview:-1\" \/>\n<link rel=\"canonical\" href=\"https:\/\/ref-avocats.com\/en\/mentions-legales\/\" \/>\n<meta property=\"og:locale\" content=\"en_US\" \/>\n<meta property=\"og:type\" content=\"article\" \/>\n<meta property=\"og:title\" content=\"Mentions l\u00e9gales - Rondot Eych\u00e8ne Fr\u00e9minville\" \/>\n<meta property=\"og:description\" content=\"MENTIONS LEGALES Le pr\u00e9sent site web, accessible \u00e0 partir de l\u2019adresse URL www.ref-avocats.com&nbsp; (ci-apr\u00e8s le \u00ab Site \u00bb), est \u00e9dit\u00e9 par l\u2019AARPI Rondot Eych\u00e8ne Fr\u00e9minville, situ\u00e9e 38 rue de Courcelles, 75008 Paris, France (T\u00e9l. T. +33 1 83 62 34 44 | F. +33 1 83 62 29 52 | email : contact@ref-avocats.com) (ci-apr\u00e8s le [&hellip;]\" \/>\n<meta property=\"og:url\" content=\"https:\/\/ref-avocats.com\/en\/mentions-legales\/\" \/>\n<meta property=\"og:site_name\" content=\"Rondot Eych\u00e8ne Fr\u00e9minville\" \/>\n<meta property=\"article:modified_time\" content=\"2023-10-10T16:53:15+00:00\" \/>\n<meta name=\"twitter:card\" content=\"summary_large_image\" \/>\n<meta name=\"twitter:label1\" content=\"Est. reading time\" \/>\n\t<meta name=\"twitter:data1\" content=\"9 minutes\" \/>\n<script type=\"application\/ld+json\" class=\"yoast-schema-graph\">{\"@context\":\"https:\/\/schema.org\",\"@graph\":[{\"@type\":\"WebPage\",\"@id\":\"https:\/\/ref-avocats.com\/en\/mentions-legales\/\",\"url\":\"https:\/\/ref-avocats.com\/en\/mentions-legales\/\",\"name\":\"Mentions l\u00e9gales - Rondot Eych\u00e8ne Fr\u00e9minville\",\"isPartOf\":{\"@id\":\"https:\/\/ref-avocats.com\/en\/#website\"},\"datePublished\":\"2020-05-14T17:42:22+00:00\",\"dateModified\":\"2023-10-10T16:53:15+00:00\",\"breadcrumb\":{\"@id\":\"https:\/\/ref-avocats.com\/en\/mentions-legales\/#breadcrumb\"},\"inLanguage\":\"en-US\",\"potentialAction\":[{\"@type\":\"ReadAction\",\"target\":[\"https:\/\/ref-avocats.com\/en\/mentions-legales\/\"]}]},{\"@type\":\"BreadcrumbList\",\"@id\":\"https:\/\/ref-avocats.com\/en\/mentions-legales\/#breadcrumb\",\"itemListElement\":[{\"@type\":\"ListItem\",\"position\":1,\"name\":\"Accueil\",\"item\":\"https:\/\/ref-avocats.com\/en\/\"},{\"@type\":\"ListItem\",\"position\":2,\"name\":\"Mentions l\u00e9gales\"}]},{\"@type\":\"WebSite\",\"@id\":\"https:\/\/ref-avocats.com\/en\/#website\",\"url\":\"https:\/\/ref-avocats.com\/en\/\",\"name\":\"Rondot Eych\u00e8ne Fr\u00e9minville\",\"description\":\"Avocats ind\u00e9pendants en contentieux des affaires\",\"potentialAction\":[{\"@type\":\"SearchAction\",\"target\":{\"@type\":\"EntryPoint\",\"urlTemplate\":\"https:\/\/ref-avocats.com\/en\/?s={search_term_string}\"},\"query-input\":\"required name=search_term_string\"}],\"inLanguage\":\"en-US\"}]}<\/script>\n<!-- \/ Yoast SEO plugin. -->","yoast_head_json":{"title":"Mentions l\u00e9gales - Rondot Eych\u00e8ne Fr\u00e9minville","robots":{"index":"index","follow":"follow","max-snippet":"max-snippet:-1","max-image-preview":"max-image-preview:large","max-video-preview":"max-video-preview:-1"},"canonical":"https:\/\/ref-avocats.com\/en\/mentions-legales\/","og_locale":"en_US","og_type":"article","og_title":"Mentions l\u00e9gales - Rondot Eych\u00e8ne Fr\u00e9minville","og_description":"MENTIONS LEGALES Le pr\u00e9sent site web, accessible \u00e0 partir de l\u2019adresse URL www.ref-avocats.com&nbsp; (ci-apr\u00e8s le \u00ab Site \u00bb), est \u00e9dit\u00e9 par l\u2019AARPI Rondot Eych\u00e8ne Fr\u00e9minville, situ\u00e9e 38 rue de Courcelles, 75008 Paris, France (T\u00e9l. T. +33 1 83 62 34 44 | F. +33 1 83 62 29 52 | email : contact@ref-avocats.com) (ci-apr\u00e8s le [&hellip;]","og_url":"https:\/\/ref-avocats.com\/en\/mentions-legales\/","og_site_name":"Rondot Eych\u00e8ne Fr\u00e9minville","article_modified_time":"2023-10-10T16:53:15+00:00","twitter_card":"summary_large_image","twitter_misc":{"Est. reading time":"9 minutes"},"schema":{"@context":"https:\/\/schema.org","@graph":[{"@type":"WebPage","@id":"https:\/\/ref-avocats.com\/en\/mentions-legales\/","url":"https:\/\/ref-avocats.com\/en\/mentions-legales\/","name":"Mentions l\u00e9gales - Rondot Eych\u00e8ne Fr\u00e9minville","isPartOf":{"@id":"https:\/\/ref-avocats.com\/en\/#website"},"datePublished":"2020-05-14T17:42:22+00:00","dateModified":"2023-10-10T16:53:15+00:00","breadcrumb":{"@id":"https:\/\/ref-avocats.com\/en\/mentions-legales\/#breadcrumb"},"inLanguage":"en-US","potentialAction":[{"@type":"ReadAction","target":["https:\/\/ref-avocats.com\/en\/mentions-legales\/"]}]},{"@type":"BreadcrumbList","@id":"https:\/\/ref-avocats.com\/en\/mentions-legales\/#breadcrumb","itemListElement":[{"@type":"ListItem","position":1,"name":"Accueil","item":"https:\/\/ref-avocats.com\/en\/"},{"@type":"ListItem","position":2,"name":"Mentions l\u00e9gales"}]},{"@type":"WebSite","@id":"https:\/\/ref-avocats.com\/en\/#website","url":"https:\/\/ref-avocats.com\/en\/","name":"Rondot Eych\u00e8ne Fr\u00e9minville","description":"Avocats ind\u00e9pendants en contentieux des affaires","potentialAction":[{"@type":"SearchAction","target":{"@type":"EntryPoint","urlTemplate":"https:\/\/ref-avocats.com\/en\/?s={search_term_string}"},"query-input":"required name=search_term_string"}],"inLanguage":"en-US"}]}},"_links":{"self":[{"href":"https:\/\/ref-avocats.com\/en\/wp-json\/wp\/v2\/pages\/220","targetHints":{"allow":["GET"]}}],"collection":[{"href":"https:\/\/ref-avocats.com\/en\/wp-json\/wp\/v2\/pages"}],"about":[{"href":"https:\/\/ref-avocats.com\/en\/wp-json\/wp\/v2\/types\/page"}],"author":[{"embeddable":true,"href":"https:\/\/ref-avocats.com\/en\/wp-json\/wp\/v2\/users\/2"}],"replies":[{"embeddable":true,"href":"https:\/\/ref-avocats.com\/en\/wp-json\/wp\/v2\/comments?post=220"}],"version-history":[{"count":5,"href":"https:\/\/ref-avocats.com\/en\/wp-json\/wp\/v2\/pages\/220\/revisions"}],"predecessor-version":[{"id":1915,"href":"https:\/\/ref-avocats.com\/en\/wp-json\/wp\/v2\/pages\/220\/revisions\/1915"}],"wp:attachment":[{"href":"https:\/\/ref-avocats.com\/en\/wp-json\/wp\/v2\/media?parent=220"}],"curies":[{"name":"wp","href":"https:\/\/api.w.org\/{rel}","templated":true}]}}